{"id":796,"date":"2022-05-17T21:24:36","date_gmt":"2022-05-17T21:24:36","guid":{"rendered":"https:\/\/semitministries.com\/?page_id=796"},"modified":"2022-05-18T01:01:57","modified_gmt":"2022-05-18T01:01:57","slug":"comedor-infantil","status":"publish","type":"page","link":"https:\/\/ministeriossemit.com\/?page_id=796","title":{"rendered":"Comedor Infantil"},"content":{"rendered":"\t\t<div data-elementor-type=\"wp-page\" data-elementor-id=\"796\" class=\"elementor elementor-796\">\n\t\t\t\t\t\t<section class=\"elementor-section elementor-top-section elementor-element elementor-element-35f764af elementor-section-boxed elementor-section-height-default elementor-section-height-default wpr-particle-no wpr-jarallax-no wpr-parallax-no wpr-sticky-section-no wpr-equal-height-no\" data-id=\"35f764af\" data-element_type=\"section\" data-e-type=\"section\">\n\t\t\t\t\t\t<div class=\"elementor-container elementor-column-gap-default\">\n\t\t\t\t\t<div class=\"elementor-column elementor-col-50 elementor-top-column elementor-element elementor-element-6df62dcd\" data-id=\"6df62dcd\" data-element_type=\"column\" data-e-type=\"column\">\n\t\t\t<div class=\"elementor-widget-wrap elementor-element-populated\">\n\t\t\t\t\t\t<div class=\"elementor-element elementor-element-16a04951 elementor-widget elementor-widget-heading\" data-id=\"16a04951\" data-element_type=\"widget\" data-e-type=\"widget\" data-widget_type=\"heading.default\">\n\t\t\t\t<div class=\"elementor-widget-container\">\n\t\t\t\t\t<h2 class=\"elementor-heading-title elementor-size-default\">Comedor de ni\u00f1os<\/h2>\t\t\t\t<\/div>\n\t\t\t\t<\/div>\n\t\t\t\t<div class=\"elementor-element elementor-element-3f1e4e9c elementor-widget elementor-widget-text-editor\" data-id=\"3f1e4e9c\" data-element_type=\"widget\" data-e-type=\"widget\" data-widget_type=\"text-editor.default\">\n\t\t\t\t<div class=\"elementor-widget-container\">\n\t\t\t\t\t\t\t\t\t<p>El Comedor de ni\u00f1os est\u00e1 ubicado en la comunidad campesina de Mahuaypampa, en el distrito de Maras, Departamento del Cusco, a 3400 msnm. a dos horas de distancia de la ciudad del Cusco. El comedor funciona sabatinamente de manera intersemanal.<\/p>\t\t\t\t\t\t\t\t<\/div>\n\t\t\t\t<\/div>\n\t\t\t\t\t<\/div>\n\t\t<\/div>\n\t\t\t\t<div class=\"elementor-column elementor-col-50 elementor-top-column elementor-element elementor-element-28023fd9\" data-id=\"28023fd9\" data-element_type=\"column\" data-e-type=\"column\">\n\t\t\t<div class=\"elementor-widget-wrap elementor-element-populated\">\n\t\t\t\t\t\t<div class=\"elementor-element elementor-element-e0127ec elementor-widget elementor-widget-image\" data-id=\"e0127ec\" data-element_type=\"widget\" data-e-type=\"widget\" data-widget_type=\"image.default\">\n\t\t\t\t<div class=\"elementor-widget-container\">\n\t\t\t\t\t\t\t\t\t\t\t\t\t\t\t<img fetchpriority=\"high\" decoding=\"async\" width=\"950\" height=\"570\" src=\"https:\/\/ministeriossemit.com\/wp-content\/uploads\/2022\/05\/IMG-20220205-WA0020-1024x614.jpg\" class=\"attachment-large size-large wp-image-848\" alt=\"\" srcset=\"https:\/\/ministeriossemit.com\/wp-content\/uploads\/2022\/05\/IMG-20220205-WA0020-1024x614.jpg 1024w, https:\/\/ministeriossemit.com\/wp-content\/uploads\/2022\/05\/IMG-20220205-WA0020-300x180.jpg 300w, https:\/\/ministeriossemit.com\/wp-content\/uploads\/2022\/05\/IMG-20220205-WA0020-768x461.jpg 768w, https:\/\/ministeriossemit.com\/wp-content\/uploads\/2022\/05\/IMG-20220205-WA0020.jpg 1280w\" sizes=\"100vw\" \/>\t\t\t\t\t\t\t\t\t\t\t\t\t\t\t<\/div>\n\t\t\t\t<\/div>\n\t\t\t\t\t<\/div>\n\t\t<\/div>\n\t\t\t\t\t<\/div>\n\t\t<\/section>\n\t\t\t\t<section class=\"elementor-section elementor-top-section elementor-element elementor-element-64b674ad elementor-section-content-middle elementor-reverse-mobile elementor-section-boxed elementor-section-height-default elementor-section-height-default wpr-particle-no wpr-jarallax-no wpr-parallax-no wpr-sticky-section-no wpr-equal-height-no\" data-id=\"64b674ad\" data-element_type=\"section\" data-e-type=\"section\">\n\t\t\t\t\t\t<div class=\"elementor-container elementor-column-gap-default\">\n\t\t\t\t\t<div class=\"elementor-column elementor-col-50 elementor-top-column elementor-element elementor-element-1cad6ce5\" data-id=\"1cad6ce5\" data-element_type=\"column\" data-e-type=\"column\">\n\t\t\t<div class=\"elementor-widget-wrap elementor-element-populated\">\n\t\t\t\t\t\t<div class=\"elementor-element elementor-element-7846c506 elementor-widget elementor-widget-heading\" data-id=\"7846c506\" data-element_type=\"widget\" data-e-type=\"widget\" data-widget_type=\"heading.default\">\n\t\t\t\t<div class=\"elementor-widget-container\">\n\t\t\t\t\t<h2 class=\"elementor-heading-title elementor-size-default\">Alimentando el Esp\u00edritu<\/h2>\t\t\t\t<\/div>\n\t\t\t\t<\/div>\n\t\t\t\t<div class=\"elementor-element elementor-element-69b4e252 elementor-widget elementor-widget-text-editor\" data-id=\"69b4e252\" data-element_type=\"widget\" data-e-type=\"widget\" data-widget_type=\"text-editor.default\">\n\t\t\t\t<div class=\"elementor-widget-container\">\n\t\t\t\t\t\t\t\t\t<p>Lo m\u00e1s importante que podemos brindar a los ni\u00f1os y sus familia en la comunidad es el testimonio del Amor de Dios por el hombre . Por este motivo el objetivo principal siempre es alcanzar el Evangelio del Se\u00f1or Jesucristo.<\/p>\t\t\t\t\t\t\t\t<\/div>\n\t\t\t\t<\/div>\n\t\t\t\t<div class=\"elementor-element elementor-element-21681269 elementor-align-left elementor-widget elementor-widget-button\" data-id=\"21681269\" data-element_type=\"widget\" data-e-type=\"widget\" data-settings=\"{&quot;_animation&quot;:&quot;none&quot;}\" data-widget_type=\"button.default\">\n\t\t\t\t<div class=\"elementor-widget-container\">\n\t\t\t\t\t\t\t\t\t<div class=\"elementor-button-wrapper\">\n\t\t\t\t\t<a class=\"elementor-button elementor-button-link elementor-size-md\" href=\"#\">\n\t\t\t\t\t\t<span class=\"elementor-button-content-wrapper\">\n\t\t\t\t\t\t<span class=\"elementor-button-icon\">\n\t\t\t\t<i aria-hidden=\"true\" class=\"fas fa-arrow-right\"><\/i>\t\t\t<\/span>\n\t\t\t\t\t\t\t\t\t<span class=\"elementor-button-text\">Learn more<\/span>\n\t\t\t\t\t<\/span>\n\t\t\t\t\t<\/a>\n\t\t\t\t<\/div>\n\t\t\t\t\t\t\t\t<\/div>\n\t\t\t\t<\/div>\n\t\t\t\t\t<\/div>\n\t\t<\/div>\n\t\t\t\t<div class=\"elementor-column elementor-col-50 elementor-top-column elementor-element elementor-element-3e1eb0f5\" data-id=\"3e1eb0f5\" data-element_type=\"column\" data-e-type=\"column\">\n\t\t\t<div class=\"elementor-widget-wrap elementor-element-populated\">\n\t\t\t\t\t\t<div class=\"elementor-element elementor-element-64c9dc79 elementor-widget elementor-widget-image\" data-id=\"64c9dc79\" data-element_type=\"widget\" data-e-type=\"widget\" data-widget_type=\"image.default\">\n\t\t\t\t<div class=\"elementor-widget-container\">\n\t\t\t\t\t\t\t\t\t\t\t\t\t\t\t<img decoding=\"async\" width=\"950\" height=\"713\" src=\"https:\/\/ministeriossemit.com\/wp-content\/uploads\/2022\/05\/WhatsApp-Image-2022-05-02-at-10.53.32-AM-1024x768.jpeg\" class=\"attachment-large size-large wp-image-849\" alt=\"\" srcset=\"https:\/\/ministeriossemit.com\/wp-content\/uploads\/2022\/05\/WhatsApp-Image-2022-05-02-at-10.53.32-AM-1024x768.jpeg 1024w, https:\/\/ministeriossemit.com\/wp-content\/uploads\/2022\/05\/WhatsApp-Image-2022-05-02-at-10.53.32-AM-300x225.jpeg 300w, https:\/\/ministeriossemit.com\/wp-content\/uploads\/2022\/05\/WhatsApp-Image-2022-05-02-at-10.53.32-AM-768x576.jpeg 768w, https:\/\/ministeriossemit.com\/wp-content\/uploads\/2022\/05\/WhatsApp-Image-2022-05-02-at-10.53.32-AM.jpeg 1040w\" sizes=\"100vw\" \/>\t\t\t\t\t\t\t\t\t\t\t\t\t\t\t<\/div>\n\t\t\t\t<\/div>\n\t\t\t\t\t<\/div>\n\t\t<\/div>\n\t\t\t\t\t<\/div>\n\t\t<\/section>\n\t\t\t\t<section class=\"elementor-section elementor-top-section elementor-element elementor-element-1be13a0d elementor-section-content-middle elementor-section-boxed elementor-section-height-default elementor-section-height-default wpr-particle-no wpr-jarallax-no wpr-parallax-no wpr-sticky-section-no wpr-equal-height-no\" data-id=\"1be13a0d\" data-element_type=\"section\" data-e-type=\"section\">\n\t\t\t\t\t\t<div class=\"elementor-container elementor-column-gap-default\">\n\t\t\t\t\t<div class=\"elementor-column elementor-col-50 elementor-top-column elementor-element elementor-element-4f7801e5\" data-id=\"4f7801e5\" data-element_type=\"column\" data-e-type=\"column\">\n\t\t\t<div class=\"elementor-widget-wrap elementor-element-populated\">\n\t\t\t\t\t\t<div class=\"elementor-element elementor-element-3ed3db5a elementor-widget elementor-widget-image\" data-id=\"3ed3db5a\" data-element_type=\"widget\" data-e-type=\"widget\" data-widget_type=\"image.default\">\n\t\t\t\t<div class=\"elementor-widget-container\">\n\t\t\t\t\t\t\t\t\t\t\t\t\t\t\t<img decoding=\"async\" width=\"950\" height=\"713\" src=\"https:\/\/ministeriossemit.com\/wp-content\/uploads\/2022\/05\/WhatsApp-Image-2022-05-14-at-7.26.29-PM-1-copia-1024x768.jpeg\" class=\"attachment-large size-large wp-image-851\" alt=\"\" srcset=\"https:\/\/ministeriossemit.com\/wp-content\/uploads\/2022\/05\/WhatsApp-Image-2022-05-14-at-7.26.29-PM-1-copia-1024x768.jpeg 1024w, https:\/\/ministeriossemit.com\/wp-content\/uploads\/2022\/05\/WhatsApp-Image-2022-05-14-at-7.26.29-PM-1-copia-300x225.jpeg 300w, https:\/\/ministeriossemit.com\/wp-content\/uploads\/2022\/05\/WhatsApp-Image-2022-05-14-at-7.26.29-PM-1-copia-768x576.jpeg 768w, https:\/\/ministeriossemit.com\/wp-content\/uploads\/2022\/05\/WhatsApp-Image-2022-05-14-at-7.26.29-PM-1-copia.jpeg 1200w\" sizes=\"100vw\" \/>\t\t\t\t\t\t\t\t\t\t\t\t\t\t\t<\/div>\n\t\t\t\t<\/div>\n\t\t\t\t\t<\/div>\n\t\t<\/div>\n\t\t\t\t<div class=\"elementor-column elementor-col-50 elementor-top-column elementor-element elementor-element-41301cf5\" data-id=\"41301cf5\" data-element_type=\"column\" data-e-type=\"column\">\n\t\t\t<div class=\"elementor-widget-wrap elementor-element-populated\">\n\t\t\t\t\t\t<div class=\"elementor-element elementor-element-77c323af elementor-widget elementor-widget-heading\" data-id=\"77c323af\" data-element_type=\"widget\" data-e-type=\"widget\" data-widget_type=\"heading.default\">\n\t\t\t\t<div class=\"elementor-widget-container\">\n\t\t\t\t\t<h2 class=\"elementor-heading-title elementor-size-default\">Alimentando el cuerpo<\/h2>\t\t\t\t<\/div>\n\t\t\t\t<\/div>\n\t\t\t\t<div class=\"elementor-element elementor-element-87934aa elementor-widget elementor-widget-text-editor\" data-id=\"87934aa\" data-element_type=\"widget\" data-e-type=\"widget\" data-widget_type=\"text-editor.default\">\n\t\t\t\t<div class=\"elementor-widget-container\">\n\t\t\t\t\t\t\t\t\t<p>Los ni\u00f1os reciben desayuno y almuerzo. Desde luego el \u00e1rea de nutrici\u00f3n est\u00e1 supervisado por personal que se esmera en brindarles una alimentaci\u00f3n adecuada.<\/p>\t\t\t\t\t\t\t\t<\/div>\n\t\t\t\t<\/div>\n\t\t\t\t<div class=\"elementor-element elementor-element-3a8c8a9a elementor-align-left elementor-widget elementor-widget-button\" data-id=\"3a8c8a9a\" data-element_type=\"widget\" data-e-type=\"widget\" data-widget_type=\"button.default\">\n\t\t\t\t<div class=\"elementor-widget-container\">\n\t\t\t\t\t\t\t\t\t<div class=\"elementor-button-wrapper\">\n\t\t\t\t\t<a class=\"elementor-button elementor-button-link elementor-size-md\" href=\"#\">\n\t\t\t\t\t\t<span class=\"elementor-button-content-wrapper\">\n\t\t\t\t\t\t<span class=\"elementor-button-icon\">\n\t\t\t\t<i aria-hidden=\"true\" class=\"fas fa-arrow-right\"><\/i>\t\t\t<\/span>\n\t\t\t\t\t\t\t\t\t<span class=\"elementor-button-text\">Learn more<\/span>\n\t\t\t\t\t<\/span>\n\t\t\t\t\t<\/a>\n\t\t\t\t<\/div>\n\t\t\t\t\t\t\t\t<\/div>\n\t\t\t\t<\/div>\n\t\t\t\t\t<\/div>\n\t\t<\/div>\n\t\t\t\t\t<\/div>\n\t\t<\/section>\n\t\t\t\t<section class=\"elementor-section elementor-top-section elementor-element elementor-element-47b41823 elementor-section-content-middle elementor-reverse-mobile elementor-section-boxed elementor-section-height-default elementor-section-height-default wpr-particle-no wpr-jarallax-no wpr-parallax-no wpr-sticky-section-no wpr-equal-height-no\" data-id=\"47b41823\" data-element_type=\"section\" data-e-type=\"section\">\n\t\t\t\t\t\t<div class=\"elementor-container elementor-column-gap-default\">\n\t\t\t\t\t<div class=\"elementor-column elementor-col-50 elementor-top-column elementor-element elementor-element-36d3d982\" data-id=\"36d3d982\" data-element_type=\"column\" data-e-type=\"column\">\n\t\t\t<div class=\"elementor-widget-wrap elementor-element-populated\">\n\t\t\t\t\t\t<div class=\"elementor-element elementor-element-72925cd3 elementor-widget elementor-widget-heading\" data-id=\"72925cd3\" data-element_type=\"widget\" data-e-type=\"widget\" data-widget_type=\"heading.default\">\n\t\t\t\t<div class=\"elementor-widget-container\">\n\t\t\t\t\t<h2 class=\"elementor-heading-title elementor-size-default\">Alimentando sus capacidades<\/h2>\t\t\t\t<\/div>\n\t\t\t\t<\/div>\n\t\t\t\t<div class=\"elementor-element elementor-element-7104e24e elementor-widget elementor-widget-text-editor\" data-id=\"7104e24e\" data-element_type=\"widget\" data-e-type=\"widget\" data-widget_type=\"text-editor.default\">\n\t\t\t\t<div class=\"elementor-widget-container\">\n\t\t\t\t\t\t\t\t\t<p>El comedor ha incrementado talleres t\u00e9cnico productivos , dirigido a los ni{os m\u00e1s grandes (diez a\u00f1os en adelante). Estos talleres son completamente pr\u00e1cticos y sencillos al mismo tiempo. Buscamos que se desarrollen las distintas capacidades de los ni\u00f1os de una manera que est\u00e9 acorde a la edad de cada grupo.\u00a0<\/p>\t\t\t\t\t\t\t\t<\/div>\n\t\t\t\t<\/div>\n\t\t\t\t<div class=\"elementor-element elementor-element-61981d10 elementor-align-left elementor-widget elementor-widget-button\" data-id=\"61981d10\" data-element_type=\"widget\" data-e-type=\"widget\" data-widget_type=\"button.default\">\n\t\t\t\t<div class=\"elementor-widget-container\">\n\t\t\t\t\t\t\t\t\t<div class=\"elementor-button-wrapper\">\n\t\t\t\t\t<a class=\"elementor-button elementor-button-link elementor-size-md\" href=\"#\">\n\t\t\t\t\t\t<span class=\"elementor-button-content-wrapper\">\n\t\t\t\t\t\t<span class=\"elementor-button-icon\">\n\t\t\t\t<i aria-hidden=\"true\" class=\"fas fa-arrow-right\"><\/i>\t\t\t<\/span>\n\t\t\t\t\t\t\t\t\t<span class=\"elementor-button-text\">Learn more<\/span>\n\t\t\t\t\t<\/span>\n\t\t\t\t\t<\/a>\n\t\t\t\t<\/div>\n\t\t\t\t\t\t\t\t<\/div>\n\t\t\t\t<\/div>\n\t\t\t\t\t<\/div>\n\t\t<\/div>\n\t\t\t\t<div class=\"elementor-column elementor-col-50 elementor-top-column elementor-element elementor-element-328b981e\" data-id=\"328b981e\" data-element_type=\"column\" data-e-type=\"column\">\n\t\t\t<div class=\"elementor-widget-wrap elementor-element-populated\">\n\t\t\t\t\t\t<div class=\"elementor-element elementor-element-563e203e elementor-widget elementor-widget-image\" data-id=\"563e203e\" data-element_type=\"widget\" data-e-type=\"widget\" data-widget_type=\"image.default\">\n\t\t\t\t<div class=\"elementor-widget-container\">\n\t\t\t\t\t\t\t\t\t\t\t\t\t\t\t<img loading=\"lazy\" decoding=\"async\" width=\"950\" height=\"713\" src=\"https:\/\/ministeriossemit.com\/wp-content\/uploads\/2022\/05\/IMG-20210725-WA0020-1024x768.jpg\" class=\"attachment-large size-large wp-image-856\" alt=\"\" srcset=\"https:\/\/ministeriossemit.com\/wp-content\/uploads\/2022\/05\/IMG-20210725-WA0020-1024x768.jpg 1024w, https:\/\/ministeriossemit.com\/wp-content\/uploads\/2022\/05\/IMG-20210725-WA0020-300x225.jpg 300w, https:\/\/ministeriossemit.com\/wp-content\/uploads\/2022\/05\/IMG-20210725-WA0020-768x576.jpg 768w, https:\/\/ministeriossemit.com\/wp-content\/uploads\/2022\/05\/IMG-20210725-WA0020.jpg 1152w\" sizes=\"100vw\" \/>\t\t\t\t\t\t\t\t\t\t\t\t\t\t\t<\/div>\n\t\t\t\t<\/div>\n\t\t\t\t\t<\/div>\n\t\t<\/div>\n\t\t\t\t\t<\/div>\n\t\t<\/section>\n\t\t\t\t<section class=\"elementor-section elementor-top-section elementor-element elementor-element-615d00ae elementor-section-content-middle elementor-section-boxed elementor-section-height-default elementor-section-height-default wpr-particle-no wpr-jarallax-no wpr-parallax-no wpr-sticky-section-no wpr-equal-height-no\" data-id=\"615d00ae\" data-element_type=\"section\" data-e-type=\"section\">\n\t\t\t\t\t\t<div class=\"elementor-container elementor-column-gap-default\">\n\t\t\t\t\t<div class=\"elementor-column elementor-col-50 elementor-top-column elementor-element elementor-element-41c4f2e4\" data-id=\"41c4f2e4\" data-element_type=\"column\" data-e-type=\"column\">\n\t\t\t<div class=\"elementor-widget-wrap elementor-element-populated\">\n\t\t\t\t\t\t<div class=\"elementor-element elementor-element-9258cd2 elementor-widget elementor-widget-image\" data-id=\"9258cd2\" data-element_type=\"widget\" data-e-type=\"widget\" data-widget_type=\"image.default\">\n\t\t\t\t<div class=\"elementor-widget-container\">\n\t\t\t\t\t\t\t\t\t\t\t\t\t\t\t<img loading=\"lazy\" decoding=\"async\" width=\"950\" height=\"534\" src=\"https:\/\/ministeriossemit.com\/wp-content\/uploads\/2022\/05\/IMG-20210924-WA0031-1024x576.jpg\" class=\"attachment-large size-large wp-image-857\" alt=\"\" srcset=\"https:\/\/ministeriossemit.com\/wp-content\/uploads\/2022\/05\/IMG-20210924-WA0031-1024x576.jpg 1024w, https:\/\/ministeriossemit.com\/wp-content\/uploads\/2022\/05\/IMG-20210924-WA0031-300x169.jpg 300w, https:\/\/ministeriossemit.com\/wp-content\/uploads\/2022\/05\/IMG-20210924-WA0031-768x432.jpg 768w, https:\/\/ministeriossemit.com\/wp-content\/uploads\/2022\/05\/IMG-20210924-WA0031.jpg 1280w\" sizes=\"100vw\" \/>\t\t\t\t\t\t\t\t\t\t\t\t\t\t\t<\/div>\n\t\t\t\t<\/div>\n\t\t\t\t\t<\/div>\n\t\t<\/div>\n\t\t\t\t<div class=\"elementor-column elementor-col-50 elementor-top-column elementor-element elementor-element-56acd17b\" data-id=\"56acd17b\" data-element_type=\"column\" data-e-type=\"column\">\n\t\t\t<div class=\"elementor-widget-wrap elementor-element-populated\">\n\t\t\t\t\t\t<div class=\"elementor-element elementor-element-57183436 elementor-widget elementor-widget-heading\" data-id=\"57183436\" data-element_type=\"widget\" data-e-type=\"widget\" data-widget_type=\"heading.default\">\n\t\t\t\t<div class=\"elementor-widget-container\">\n\t\t\t\t\t<h2 class=\"elementor-heading-title elementor-size-default\">Carpinter\u00eda para ni\u00f1os<\/h2>\t\t\t\t<\/div>\n\t\t\t\t<\/div>\n\t\t\t\t<div class=\"elementor-element elementor-element-658546b9 elementor-widget elementor-widget-text-editor\" data-id=\"658546b9\" data-element_type=\"widget\" data-e-type=\"widget\" data-widget_type=\"text-editor.default\">\n\t\t\t\t<div class=\"elementor-widget-container\">\n\t\t\t\t\t\t\t\t\t<p>Los ni\u00f1os elaboran repisas y estantes peque\u00f1os desde el primer d\u00eda que participan en este taller. Al finalizar su fabricaci\u00f3n, ellos se llevan a casa el producto de su esfuerzo.<\/p>\t\t\t\t\t\t\t\t<\/div>\n\t\t\t\t<\/div>\n\t\t\t\t<div class=\"elementor-element elementor-element-442f7c28 elementor-align-left elementor-widget elementor-widget-button\" data-id=\"442f7c28\" data-element_type=\"widget\" data-e-type=\"widget\" data-widget_type=\"button.default\">\n\t\t\t\t<div class=\"elementor-widget-container\">\n\t\t\t\t\t\t\t\t\t<div class=\"elementor-button-wrapper\">\n\t\t\t\t\t<a class=\"elementor-button elementor-button-link elementor-size-md\" href=\"#\">\n\t\t\t\t\t\t<span class=\"elementor-button-content-wrapper\">\n\t\t\t\t\t\t<span class=\"elementor-button-icon\">\n\t\t\t\t<i aria-hidden=\"true\" class=\"fas fa-arrow-right\"><\/i>\t\t\t<\/span>\n\t\t\t\t\t\t\t\t\t<span class=\"elementor-button-text\">Learn more<\/span>\n\t\t\t\t\t<\/span>\n\t\t\t\t\t<\/a>\n\t\t\t\t<\/div>\n\t\t\t\t\t\t\t\t<\/div>\n\t\t\t\t<\/div>\n\t\t\t\t\t<\/div>\n\t\t<\/div>\n\t\t\t\t\t<\/div>\n\t\t<\/section>\n\t\t\t\t<section class=\"elementor-section elementor-top-section elementor-element elementor-element-c833c08 elementor-section-content-middle elementor-reverse-mobile elementor-section-boxed elementor-section-height-default elementor-section-height-default wpr-particle-no wpr-jarallax-no wpr-parallax-no wpr-sticky-section-no wpr-equal-height-no\" data-id=\"c833c08\" data-element_type=\"section\" data-e-type=\"section\">\n\t\t\t\t\t\t<div class=\"elementor-container elementor-column-gap-default\">\n\t\t\t\t\t<div class=\"elementor-column elementor-col-50 elementor-top-column elementor-element elementor-element-1c83f284\" data-id=\"1c83f284\" data-element_type=\"column\" data-e-type=\"column\">\n\t\t\t<div class=\"elementor-widget-wrap elementor-element-populated\">\n\t\t\t\t\t\t<div class=\"elementor-element elementor-element-29855f86 elementor-widget elementor-widget-heading\" data-id=\"29855f86\" data-element_type=\"widget\" data-e-type=\"widget\" data-widget_type=\"heading.default\">\n\t\t\t\t<div class=\"elementor-widget-container\">\n\t\t\t\t\t<h2 class=\"elementor-heading-title elementor-size-default\">Peluquer\u00eda para todos<\/h2>\t\t\t\t<\/div>\n\t\t\t\t<\/div>\n\t\t\t\t<div class=\"elementor-element elementor-element-35daf06 elementor-widget elementor-widget-text-editor\" data-id=\"35daf06\" data-element_type=\"widget\" data-e-type=\"widget\" data-widget_type=\"text-editor.default\">\n\t\t\t\t<div class=\"elementor-widget-container\">\n\t\t\t\t\t\t\t\t\t<p>En el taller de peluquer\u00eda, aprenden a realizar cortes y peinados b\u00e1sicos para toda edad.<\/p><p>\u00a0<\/p><p>Nuestro deseo es que a trav\u00e9s de los talleres los ni\u00f1os descubran sus capacidades mientras van conociendo m\u00e1s de Jes\u00fas.<\/p>\t\t\t\t\t\t\t\t<\/div>\n\t\t\t\t<\/div>\n\t\t\t\t<div class=\"elementor-element elementor-element-7e600227 elementor-align-left elementor-widget elementor-widget-button\" data-id=\"7e600227\" data-element_type=\"widget\" data-e-type=\"widget\" data-settings=\"{&quot;_animation&quot;:&quot;none&quot;}\" data-widget_type=\"button.default\">\n\t\t\t\t<div class=\"elementor-widget-container\">\n\t\t\t\t\t\t\t\t\t<div class=\"elementor-button-wrapper\">\n\t\t\t\t\t<a class=\"elementor-button elementor-button-link elementor-size-md\" href=\"#\">\n\t\t\t\t\t\t<span class=\"elementor-button-content-wrapper\">\n\t\t\t\t\t\t<span class=\"elementor-button-icon\">\n\t\t\t\t<i aria-hidden=\"true\" class=\"fas fa-arrow-right\"><\/i>\t\t\t<\/span>\n\t\t\t\t\t\t\t\t\t<span class=\"elementor-button-text\">Learn more<\/span>\n\t\t\t\t\t<\/span>\n\t\t\t\t\t<\/a>\n\t\t\t\t<\/div>\n\t\t\t\t\t\t\t\t<\/div>\n\t\t\t\t<\/div>\n\t\t\t\t\t<\/div>\n\t\t<\/div>\n\t\t\t\t<div class=\"elementor-column elementor-col-50 elementor-top-column elementor-element elementor-element-1159a24d\" data-id=\"1159a24d\" data-element_type=\"column\" data-e-type=\"column\">\n\t\t\t<div class=\"elementor-widget-wrap elementor-element-populated\">\n\t\t\t\t\t\t<div class=\"elementor-element elementor-element-a12b62e elementor-widget elementor-widget-image\" data-id=\"a12b62e\" data-element_type=\"widget\" data-e-type=\"widget\" data-widget_type=\"image.default\">\n\t\t\t\t<div class=\"elementor-widget-container\">\n\t\t\t\t\t\t\t\t\t\t\t\t\t\t\t<img loading=\"lazy\" decoding=\"async\" width=\"636\" height=\"928\" src=\"https:\/\/ministeriossemit.com\/wp-content\/uploads\/2022\/05\/IMG-20220108-WA0041-1.jpg\" class=\"attachment-large size-large wp-image-870\" alt=\"\" srcset=\"https:\/\/ministeriossemit.com\/wp-content\/uploads\/2022\/05\/IMG-20220108-WA0041-1.jpg 636w, https:\/\/ministeriossemit.com\/wp-content\/uploads\/2022\/05\/IMG-20220108-WA0041-1-206x300.jpg 206w\" sizes=\"100vw\" \/>\t\t\t\t\t\t\t\t\t\t\t\t\t\t\t<\/div>\n\t\t\t\t<\/div>\n\t\t\t\t\t<\/div>\n\t\t<\/div>\n\t\t\t\t\t<\/div>\n\t\t<\/section>\n\t\t\t\t<section class=\"elementor-section elementor-top-section elementor-element elementor-element-9ee64be elementor-section-boxed elementor-section-height-default elementor-section-height-default wpr-particle-no wpr-jarallax-no wpr-parallax-no wpr-sticky-section-no wpr-equal-height-no\" data-id=\"9ee64be\" data-element_type=\"section\" data-e-type=\"section\">\n\t\t\t\t\t\t<div class=\"elementor-container elementor-column-gap-default\">\n\t\t\t\t\t<div class=\"elementor-column elementor-col-66 elementor-top-column elementor-element elementor-element-b31548c\" data-id=\"b31548c\" data-element_type=\"column\" data-e-type=\"column\">\n\t\t\t<div class=\"elementor-widget-wrap elementor-element-populated\">\n\t\t\t\t\t\t<div class=\"elementor-element elementor-element-98d1f0d elementor-widget elementor-widget-google_maps\" data-id=\"98d1f0d\" data-element_type=\"widget\" data-e-type=\"widget\" data-widget_type=\"google_maps.default\">\n\t\t\t\t<div class=\"elementor-widget-container\">\n\t\t\t\t\t\t\t<div class=\"elementor-custom-embed\">\n\t\t\t<iframe loading=\"lazy\"\n\t\t\t\t\tsrc=\"https:\/\/maps.google.com\/maps?q=13%C2%B022%2713.0%22S%2072%C2%B009%2727.4%22W&#038;t=m&#038;z=10&#038;output=embed&#038;iwloc=near\"\n\t\t\t\t\ttitle=\"13\u00b022&#039;13.0&quot;S 72\u00b009&#039;27.4&quot;W\"\n\t\t\t\t\taria-label=\"13\u00b022&#039;13.0&quot;S 72\u00b009&#039;27.4&quot;W\"\n\t\t\t><\/iframe>\n\t\t<\/div>\n\t\t\t\t\t\t<\/div>\n\t\t\t\t<\/div>\n\t\t\t\t\t<\/div>\n\t\t<\/div>\n\t\t\t\t<div class=\"elementor-column elementor-col-33 elementor-top-column elementor-element elementor-element-afd3750\" data-id=\"afd3750\" data-element_type=\"column\" data-e-type=\"column\">\n\t\t\t<div class=\"elementor-widget-wrap elementor-element-populated\">\n\t\t\t\t\t\t<div class=\"elementor-element elementor-element-17e1a30 elementor-widget elementor-widget-heading\" data-id=\"17e1a30\" data-element_type=\"widget\" data-e-type=\"widget\" data-widget_type=\"heading.default\">\n\t\t\t\t<div class=\"elementor-widget-container\">\n\t\t\t\t\t<h2 class=\"elementor-heading-title elementor-size-default\">Ayudanos a ayudar<\/h2>\t\t\t\t<\/div>\n\t\t\t\t<\/div>\n\t\t\t\t<div class=\"elementor-element elementor-element-a67bd4f elementor-widget elementor-widget-text-editor\" data-id=\"a67bd4f\" data-element_type=\"widget\" data-e-type=\"widget\" data-widget_type=\"text-editor.default\">\n\t\t\t\t<div class=\"elementor-widget-container\">\n\t\t\t\t\t\t\t\t\t<p>Estamos muy agradecidos proque gracias a vuestras oraciones y participaci\u00f3n, podemos alcanzar a esta comunidad con el Evangelio y la Palabra de Dios.<\/p>\t\t\t\t\t\t\t\t<\/div>\n\t\t\t\t<\/div>\n\t\t\t\t\t<\/div>\n\t\t<\/div>\n\t\t\t\t\t<\/div>\n\t\t<\/section>\n\t\t\t\t<\/div>\n\t\t","protected":false},"excerpt":{"rendered":"<p>Comedor de ni\u00f1os El Comedor de ni\u00f1os est\u00e1 ubicado en la comunidad campesina de Mahuaypampa, en el distrito de Maras, Departamento del Cusco, a 3400 msnm. a dos horas de distancia de la ciudad del Cusco. El comedor funciona sabatinamente de manera intersemanal. Alimentando el Esp\u00edritu Lo m\u00e1s importante que podemos brindar a los ni\u00f1os y sus familia en la comunidad es el testimonio del Amor de Dios por el hombre . Por este motivo el objetivo principal siempre es alcanzar el Evangelio del Se\u00f1or Jesucristo. Learn more Alimentando el cuerpo Los ni\u00f1os reciben desayuno y almuerzo. Desde luego el \u00e1rea de nutrici\u00f3n est\u00e1 supervisado por personal que se esmera en brindarles una alimentaci\u00f3n adecuada. Learn more Alimentando sus capacidades El comedor ha incrementado talleres t\u00e9cnico productivos , dirigido a los ni{os m\u00e1s grandes (diez a\u00f1os en adelante). Estos talleres son completamente pr\u00e1cticos y sencillos al mismo tiempo. Buscamos que se desarrollen las distintas capacidades de los ni\u00f1os de una manera que est\u00e9 acorde a la edad de cada grupo.\u00a0 Learn more Carpinter\u00eda para ni\u00f1os Los ni\u00f1os elaboran repisas y estantes peque\u00f1os desde el primer d\u00eda que participan en este taller. Al finalizar su fabricaci\u00f3n, ellos se llevan a casa el producto de su esfuerzo. Learn more Peluquer\u00eda para todos En el taller de peluquer\u00eda, aprenden a realizar cortes y peinados b\u00e1sicos para toda edad. \u00a0 Nuestro deseo es que a trav\u00e9s de los talleres los ni\u00f1os descubran sus capacidades mientras van conociendo m\u00e1s de Jes\u00fas. Learn more Ayudanos a ayudar Estamos muy agradecidos proque gracias a vuestras oraciones y participaci\u00f3n, podemos alcanzar a esta comunidad con el Evangelio y la Palabra de Dios.<\/p>\n","protected":false},"author":1,"featured_media":0,"parent":0,"menu_order":0,"comment_status":"closed","ping_status":"closed","template":"","meta":{"inspiro_hide_title":false,"footnotes":""},"class_list":["post-796","page","type-page","status-publish","hentry"],"featured_media_urls":[],"_links":{"self":[{"href":"https:\/\/ministeriossemit.com\/index.php?rest_route=\/wp\/v2\/pages\/796","targetHints":{"allow":["GET"]}}],"collection":[{"href":"https:\/\/ministeriossemit.com\/index.php?rest_route=\/wp\/v2\/pages"}],"about":[{"href":"https:\/\/ministeriossemit.com\/index.php?rest_route=\/wp\/v2\/types\/page"}],"author":[{"embeddable":true,"href":"https:\/\/ministeriossemit.com\/index.php?rest_route=\/wp\/v2\/users\/1"}],"replies":[{"embeddable":true,"href":"https:\/\/ministeriossemit.com\/index.php?rest_route=%2Fwp%2Fv2%2Fcomments&post=796"}],"version-history":[{"count":19,"href":"https:\/\/ministeriossemit.com\/index.php?rest_route=\/wp\/v2\/pages\/796\/revisions"}],"predecessor-version":[{"id":873,"href":"https:\/\/ministeriossemit.com\/index.php?rest_route=\/wp\/v2\/pages\/796\/revisions\/873"}],"wp:attachment":[{"href":"https:\/\/ministeriossemit.com\/index.php?rest_route=%2Fwp%2Fv2%2Fmedia&parent=796"}],"curies":[{"name":"wp","href":"https:\/\/api.w.org\/{rel}","templated":true}]}}